{"id":51,"date":"2018-07-05T18:23:28","date_gmt":"2018-07-05T16:23:28","guid":{"rendered":"http:\/\/emanik.org\/?page_id=51"},"modified":"2026-02-27T18:35:42","modified_gmt":"2026-02-27T17:35:42","slug":"programme-campoy-perou","status":"publish","type":"page","link":"https:\/\/www.emanik.org\/index.php\/programme-campoy-perou\/","title":{"rendered":"Programme Campoy &#8211; P\u00e9rou"},"content":{"rendered":"\n<p class=\"has-text-align-left has-medium-font-size\"><strong><em>Objectif<\/em><\/strong>&nbsp;: Permettre aux m\u00e8res et aux adolescents handicap\u00e9s de la communaut\u00e9 de Campoy et des environs d\u2019acc\u00e9der \u00e0 une formation professionnelle en vue de leur autonomie.<\/p>\n\n\n\n<p><\/p>\n\n\n\n<p class=\"has-text-align-left has-medium-font-size\"><strong><em>Description du projet&nbsp;<\/em><\/strong>: ce projet prend sa source dans les principes de la convention sur les droits des personnes handicap\u00e9es&nbsp;\u00e0 l\u2019autonomie. Ces principes visent \u00e0 poursuivre un travail de d\u00e9veloppement personnel des adolescents porteurs de handicap et des m\u00e8res.<\/p>\n\n\n\n<p class=\"has-text-align-left has-medium-font-size\">Ils recevront une formation professionnelle par un organisme minist\u00e9riel charg\u00e9 de la formation professionnelle, les CETPRO (centre d\u2019enseignement technique productif), d\u00e9pendant de l\u2019\u00e9quivalent du Minist\u00e8re de l\u2019Education nationale. Cette formation s\u2019\u00e9talera sur 2 ans et s\u2019adaptera \u00e0 leurs comp\u00e9tences. Parall\u00e8lement, ils recevront d\u2019autres formations et conseils pour les renforcer en tant que futurs micro entrepreneurs.<\/p>\n\n\n\n<p class=\"has-text-align-left has-medium-font-size\">Pr\u00e9alablement lors d\u2019une premi\u00e8re ann\u00e9e, une \u00e9quipe de professionnels interviendra sur l\u2019adaptation du comportement et le d\u00e9veloppement des comp\u00e9tences afin de pr\u00e9parer la voie \u00e0 la formation proprement dite.<\/p>\n\n\n\n<p><\/p>\n\n\n\n<p class=\"has-text-align-left has-medium-font-size\"><strong><em>Public cibl\u00e9&nbsp;<\/em><\/strong>: de jeunes adolescents de la communaut\u00e9 de Campoy et environs ainsi que leurs mamans. Au minimum 30 et jusqu\u2019\u00e0 50 personnes directement concern\u00e9es mais un impact beaucoup plus important sur les familles et la communaut\u00e9.<\/p>\n\n\n\n<p><\/p>\n\n\n\n<p class=\"has-text-align-left has-medium-font-size\"><strong><em>Partenaires locaux<\/em><\/strong> : Comedor popular Virgen del Rosario et le CETPRO San Hilarion<\/p>\n\n\n<div class=\"wp-block-image\">\n<figure class=\"alignleft size-large\"><img loading=\"lazy\" decoding=\"async\" width=\"1024\" height=\"572\" src=\"https:\/\/www.emanik.org\/wp-content\/uploads\/2026\/02\/Diapo-1-1024x572.jpg\" alt=\"\" class=\"wp-image-750\" srcset=\"https:\/\/www.emanik.org\/wp-content\/uploads\/2026\/02\/Diapo-1-1024x572.jpg 1024w, https:\/\/www.emanik.org\/wp-content\/uploads\/2026\/02\/Diapo-1-300x168.jpg 300w, https:\/\/www.emanik.org\/wp-content\/uploads\/2026\/02\/Diapo-1-768x429.jpg 768w, https:\/\/www.emanik.org\/wp-content\/uploads\/2026\/02\/Diapo-1.jpg 1167w\" sizes=\"auto, (max-width: 1024px) 100vw, 1024px\" \/><\/figure>\n<\/div>\n\n<div class=\"wp-block-image\">\n<figure class=\"alignleft size-large\"><img loading=\"lazy\" decoding=\"async\" width=\"1024\" height=\"563\" src=\"https:\/\/www.emanik.org\/wp-content\/uploads\/2026\/02\/Diapo-2-1024x563.jpg\" alt=\"\" class=\"wp-image-751\" srcset=\"https:\/\/www.emanik.org\/wp-content\/uploads\/2026\/02\/Diapo-2-1024x563.jpg 1024w, https:\/\/www.emanik.org\/wp-content\/uploads\/2026\/02\/Diapo-2-300x165.jpg 300w, https:\/\/www.emanik.org\/wp-content\/uploads\/2026\/02\/Diapo-2-768x422.jpg 768w, https:\/\/www.emanik.org\/wp-content\/uploads\/2026\/02\/Diapo-2.jpg 1168w\" sizes=\"auto, (max-width: 1024px) 100vw, 1024px\" \/><\/figure>\n<\/div>\n\n\n<p><\/p>\n\n\n<div class=\"wp-block-image\">\n<figure class=\"alignright size-large\"><img loading=\"lazy\" decoding=\"async\" width=\"1024\" height=\"574\" src=\"https:\/\/www.emanik.org\/wp-content\/uploads\/2026\/02\/Diapo-3-1024x574.jpg\" alt=\"\" class=\"wp-image-752\" srcset=\"https:\/\/www.emanik.org\/wp-content\/uploads\/2026\/02\/Diapo-3-1024x574.jpg 1024w, https:\/\/www.emanik.org\/wp-content\/uploads\/2026\/02\/Diapo-3-300x168.jpg 300w, https:\/\/www.emanik.org\/wp-content\/uploads\/2026\/02\/Diapo-3-768x431.jpg 768w, https:\/\/www.emanik.org\/wp-content\/uploads\/2026\/02\/Diapo-3.jpg 1157w\" sizes=\"auto, (max-width: 1024px) 100vw, 1024px\" \/><\/figure>\n<\/div>\n\n\n<p><\/p>\n\n\n<div class=\"wp-block-image\">\n<figure class=\"alignleft size-large\"><img loading=\"lazy\" decoding=\"async\" width=\"1024\" height=\"575\" src=\"https:\/\/www.emanik.org\/wp-content\/uploads\/2026\/02\/Diapo-4-1024x575.jpg\" alt=\"\" class=\"wp-image-753\" srcset=\"https:\/\/www.emanik.org\/wp-content\/uploads\/2026\/02\/Diapo-4-1024x575.jpg 1024w, https:\/\/www.emanik.org\/wp-content\/uploads\/2026\/02\/Diapo-4-300x169.jpg 300w, https:\/\/www.emanik.org\/wp-content\/uploads\/2026\/02\/Diapo-4-768x432.jpg 768w, https:\/\/www.emanik.org\/wp-content\/uploads\/2026\/02\/Diapo-4.jpg 1162w\" sizes=\"auto, (max-width: 1024px) 100vw, 1024px\" \/><\/figure>\n<\/div>\n\n\n<p><\/p>\n\n\n\n<figure class=\"wp-block-image size-large\"><img loading=\"lazy\" decoding=\"async\" width=\"1024\" height=\"580\" src=\"https:\/\/www.emanik.org\/wp-content\/uploads\/2026\/02\/Diapo-5-1024x580.jpg\" alt=\"\" class=\"wp-image-754\" srcset=\"https:\/\/www.emanik.org\/wp-content\/uploads\/2026\/02\/Diapo-5-1024x580.jpg 1024w, https:\/\/www.emanik.org\/wp-content\/uploads\/2026\/02\/Diapo-5-300x170.jpg 300w, https:\/\/www.emanik.org\/wp-content\/uploads\/2026\/02\/Diapo-5-768x435.jpg 768w, https:\/\/www.emanik.org\/wp-content\/uploads\/2026\/02\/Diapo-5.jpg 1161w\" sizes=\"auto, (max-width: 1024px) 100vw, 1024px\" \/><\/figure>\n\n\n\n<figure class=\"wp-block-image size-large\"><img loading=\"lazy\" decoding=\"async\" width=\"1024\" height=\"576\" src=\"https:\/\/www.emanik.org\/wp-content\/uploads\/2026\/02\/Diapo-6-1024x576.jpg\" alt=\"\" class=\"wp-image-755\" srcset=\"https:\/\/www.emanik.org\/wp-content\/uploads\/2026\/02\/Diapo-6-1024x576.jpg 1024w, https:\/\/www.emanik.org\/wp-content\/uploads\/2026\/02\/Diapo-6-300x169.jpg 300w, https:\/\/www.emanik.org\/wp-content\/uploads\/2026\/02\/Diapo-6-768x432.jpg 768w, https:\/\/www.emanik.org\/wp-content\/uploads\/2026\/02\/Diapo-6.jpg 1165w\" sizes=\"auto, (max-width: 1024px) 100vw, 1024px\" \/><\/figure>\n\n\n\n<figure class=\"wp-block-image size-large\"><img loading=\"lazy\" decoding=\"async\" width=\"1024\" height=\"576\" src=\"https:\/\/www.emanik.org\/wp-content\/uploads\/2026\/02\/Diapo-7-1024x576.jpg\" alt=\"\" class=\"wp-image-756\" srcset=\"https:\/\/www.emanik.org\/wp-content\/uploads\/2026\/02\/Diapo-7-1024x576.jpg 1024w, https:\/\/www.emanik.org\/wp-content\/uploads\/2026\/02\/Diapo-7-300x169.jpg 300w, https:\/\/www.emanik.org\/wp-content\/uploads\/2026\/02\/Diapo-7-768x432.jpg 768w, https:\/\/www.emanik.org\/wp-content\/uploads\/2026\/02\/Diapo-7.jpg 1164w\" sizes=\"auto, (max-width: 1024px) 100vw, 1024px\" \/><\/figure>\n\n\n\n<figure class=\"wp-block-image size-large\"><img loading=\"lazy\" decoding=\"async\" width=\"1024\" height=\"571\" src=\"https:\/\/www.emanik.org\/wp-content\/uploads\/2026\/02\/Diapo-8-1024x571.jpg\" alt=\"\" class=\"wp-image-757\" srcset=\"https:\/\/www.emanik.org\/wp-content\/uploads\/2026\/02\/Diapo-8-1024x571.jpg 1024w, https:\/\/www.emanik.org\/wp-content\/uploads\/2026\/02\/Diapo-8-300x167.jpg 300w, https:\/\/www.emanik.org\/wp-content\/uploads\/2026\/02\/Diapo-8-768x428.jpg 768w, https:\/\/www.emanik.org\/wp-content\/uploads\/2026\/02\/Diapo-8.jpg 1167w\" sizes=\"auto, (max-width: 1024px) 100vw, 1024px\" \/><\/figure>\n\n\n\n<figure class=\"wp-block-image size-large\"><img loading=\"lazy\" decoding=\"async\" width=\"1024\" height=\"578\" src=\"https:\/\/www.emanik.org\/wp-content\/uploads\/2026\/02\/Diapo-9-1024x578.jpg\" alt=\"\" class=\"wp-image-758\" srcset=\"https:\/\/www.emanik.org\/wp-content\/uploads\/2026\/02\/Diapo-9-1024x578.jpg 1024w, https:\/\/www.emanik.org\/wp-content\/uploads\/2026\/02\/Diapo-9-300x169.jpg 300w, https:\/\/www.emanik.org\/wp-content\/uploads\/2026\/02\/Diapo-9-768x433.jpg 768w, https:\/\/www.emanik.org\/wp-content\/uploads\/2026\/02\/Diapo-9.jpg 1156w\" sizes=\"auto, (max-width: 1024px) 100vw, 1024px\" \/><\/figure>\n\n\n\n<figure class=\"wp-block-image size-large\"><img loading=\"lazy\" decoding=\"async\" width=\"1024\" height=\"577\" src=\"https:\/\/www.emanik.org\/wp-content\/uploads\/2026\/02\/Diapo-10-1024x577.jpg\" alt=\"\" class=\"wp-image-759\" srcset=\"https:\/\/www.emanik.org\/wp-content\/uploads\/2026\/02\/Diapo-10-1024x577.jpg 1024w, https:\/\/www.emanik.org\/wp-content\/uploads\/2026\/02\/Diapo-10-300x169.jpg 300w, https:\/\/www.emanik.org\/wp-content\/uploads\/2026\/02\/Diapo-10-768x433.jpg 768w, https:\/\/www.emanik.org\/wp-content\/uploads\/2026\/02\/Diapo-10.jpg 1147w\" sizes=\"auto, (max-width: 1024px) 100vw, 1024px\" \/><\/figure>\n\n\n\n<figure class=\"wp-block-image size-large\"><img loading=\"lazy\" decoding=\"async\" width=\"1024\" height=\"577\" src=\"https:\/\/www.emanik.org\/wp-content\/uploads\/2026\/02\/Diapo-11-1024x577.jpg\" alt=\"\" class=\"wp-image-760\" srcset=\"https:\/\/www.emanik.org\/wp-content\/uploads\/2026\/02\/Diapo-11-1024x577.jpg 1024w, https:\/\/www.emanik.org\/wp-content\/uploads\/2026\/02\/Diapo-11-300x169.jpg 300w, https:\/\/www.emanik.org\/wp-content\/uploads\/2026\/02\/Diapo-11-768x433.jpg 768w, https:\/\/www.emanik.org\/wp-content\/uploads\/2026\/02\/Diapo-11.jpg 1161w\" sizes=\"auto, (max-width: 1024px) 100vw, 1024px\" \/><\/figure>\n\n\n\n<figure class=\"wp-block-image size-large\"><img loading=\"lazy\" decoding=\"async\" width=\"1024\" height=\"563\" src=\"https:\/\/www.emanik.org\/wp-content\/uploads\/2026\/02\/Diapo-12-con-video-1024x563.jpg\" alt=\"\" class=\"wp-image-761\" srcset=\"https:\/\/www.emanik.org\/wp-content\/uploads\/2026\/02\/Diapo-12-con-video-1024x563.jpg 1024w, https:\/\/www.emanik.org\/wp-content\/uploads\/2026\/02\/Diapo-12-con-video-300x165.jpg 300w, https:\/\/www.emanik.org\/wp-content\/uploads\/2026\/02\/Diapo-12-con-video-768x422.jpg 768w, https:\/\/www.emanik.org\/wp-content\/uploads\/2026\/02\/Diapo-12-con-video.jpg 1167w\" sizes=\"auto, (max-width: 1024px) 100vw, 1024px\" \/><\/figure>\n\n\n\n<p><br><iframe loading=\"lazy\" src=\"https:\/\/www.youtube.com\/embed\/ThHnejara1Q\" width=\"560\" height=\"315\" frameborder=\"0\" allowfullscreen=\"allowfullscreen\"><\/iframe><\/p>\n\n\n\n<p><\/p>\n","protected":false},"excerpt":{"rendered":"<p>Objectif&nbsp;: Permettre aux m\u00e8res et aux adolescents handicap\u00e9s de la communaut\u00e9 de Campoy et des environs d\u2019acc\u00e9der \u00e0 une formation professionnelle en vue de leur autonomie. Description du projet&nbsp;: ce projet prend sa source dans les principes de la convention sur les droits des personnes handicap\u00e9es&nbsp;\u00e0 l\u2019autonomie. Ces principes visent \u00e0 poursuivre un travail de [&hellip;]<\/p>\n","protected":false},"author":1,"featured_media":0,"parent":0,"menu_order":0,"comment_status":"closed","ping_status":"closed","template":"","meta":{"give_campaign_id":0,"footnotes":""},"class_list":["post-51","page","type-page","status-publish","hentry"],"yoast_head":"<!-- This site is optimized with the Yoast SEO plugin v27.4 - https:\/\/yoast.com\/product\/yoast-seo-wordpress\/ -->\n<title>Programme Campoy - P\u00e9rou - EMANIK<\/title>\n<meta name=\"robots\" content=\"index, follow, max-snippet:-1, max-image-preview:large, max-video-preview:-1\" \/>\n<link rel=\"canonical\" href=\"https:\/\/www.emanik.org\/index.php\/programme-campoy-perou\/\" \/>\n<meta property=\"og:locale\" content=\"fr_FR\" \/>\n<meta property=\"og:type\" content=\"article\" \/>\n<meta property=\"og:title\" content=\"Programme Campoy - P\u00e9rou - EMANIK\" \/>\n<meta property=\"og:description\" content=\"Objectif&nbsp;: Permettre aux m\u00e8res et aux adolescents handicap\u00e9s de la communaut\u00e9 de Campoy et des environs d\u2019acc\u00e9der \u00e0 une formation professionnelle en vue de leur autonomie. Description du projet&nbsp;: ce projet prend sa source dans les principes de la convention sur les droits des personnes handicap\u00e9es&nbsp;\u00e0 l\u2019autonomie. Ces principes visent \u00e0 poursuivre un travail de [&hellip;]\" \/>\n<meta property=\"og:url\" content=\"https:\/\/www.emanik.org\/index.php\/programme-campoy-perou\/\" \/>\n<meta property=\"og:site_name\" content=\"EMANIK\" \/>\n<meta property=\"article:modified_time\" content=\"2026-02-27T17:35:42+00:00\" \/>\n<meta property=\"og:image\" content=\"https:\/\/www.emanik.org\/wp-content\/uploads\/2026\/02\/Diapo-1.jpg\" \/>\n\t<meta property=\"og:image:width\" content=\"1167\" \/>\n\t<meta property=\"og:image:height\" content=\"652\" \/>\n\t<meta property=\"og:image:type\" content=\"image\/jpeg\" \/>\n<meta name=\"twitter:card\" content=\"summary_large_image\" \/>\n<meta name=\"twitter:label1\" content=\"Dur\u00e9e de lecture estim\u00e9e\" \/>\n\t<meta name=\"twitter:data1\" content=\"4 minutes\" \/>\n<script type=\"application\/ld+json\" class=\"yoast-schema-graph\">{\"@context\":\"https:\\\/\\\/schema.org\",\"@graph\":[{\"@type\":\"WebPage\",\"@id\":\"https:\\\/\\\/www.emanik.org\\\/index.php\\\/programme-campoy-perou\\\/\",\"url\":\"https:\\\/\\\/www.emanik.org\\\/index.php\\\/programme-campoy-perou\\\/\",\"name\":\"Programme Campoy - P\u00e9rou - EMANIK\",\"isPartOf\":{\"@id\":\"https:\\\/\\\/www.emanik.org\\\/#website\"},\"primaryImageOfPage\":{\"@id\":\"https:\\\/\\\/www.emanik.org\\\/index.php\\\/programme-campoy-perou\\\/#primaryimage\"},\"image\":{\"@id\":\"https:\\\/\\\/www.emanik.org\\\/index.php\\\/programme-campoy-perou\\\/#primaryimage\"},\"thumbnailUrl\":\"https:\\\/\\\/www.emanik.org\\\/wp-content\\\/uploads\\\/2026\\\/02\\\/Diapo-1-1024x572.jpg\",\"datePublished\":\"2018-07-05T16:23:28+00:00\",\"dateModified\":\"2026-02-27T17:35:42+00:00\",\"breadcrumb\":{\"@id\":\"https:\\\/\\\/www.emanik.org\\\/index.php\\\/programme-campoy-perou\\\/#breadcrumb\"},\"inLanguage\":\"fr-FR\",\"potentialAction\":[{\"@type\":\"ReadAction\",\"target\":[\"https:\\\/\\\/www.emanik.org\\\/index.php\\\/programme-campoy-perou\\\/\"]}]},{\"@type\":\"ImageObject\",\"inLanguage\":\"fr-FR\",\"@id\":\"https:\\\/\\\/www.emanik.org\\\/index.php\\\/programme-campoy-perou\\\/#primaryimage\",\"url\":\"https:\\\/\\\/www.emanik.org\\\/wp-content\\\/uploads\\\/2026\\\/02\\\/Diapo-1.jpg\",\"contentUrl\":\"https:\\\/\\\/www.emanik.org\\\/wp-content\\\/uploads\\\/2026\\\/02\\\/Diapo-1.jpg\",\"width\":1167,\"height\":652},{\"@type\":\"BreadcrumbList\",\"@id\":\"https:\\\/\\\/www.emanik.org\\\/index.php\\\/programme-campoy-perou\\\/#breadcrumb\",\"itemListElement\":[{\"@type\":\"ListItem\",\"position\":1,\"name\":\"Accueil\",\"item\":\"https:\\\/\\\/www.emanik.org\\\/\"},{\"@type\":\"ListItem\",\"position\":2,\"name\":\"Programme Campoy &#8211; P\u00e9rou\"}]},{\"@type\":\"WebSite\",\"@id\":\"https:\\\/\\\/www.emanik.org\\\/#website\",\"url\":\"https:\\\/\\\/www.emanik.org\\\/\",\"name\":\"EMANIK\",\"description\":\"pour un monde plus juste\",\"publisher\":{\"@id\":\"https:\\\/\\\/www.emanik.org\\\/#organization\"},\"potentialAction\":[{\"@type\":\"SearchAction\",\"target\":{\"@type\":\"EntryPoint\",\"urlTemplate\":\"https:\\\/\\\/www.emanik.org\\\/?s={search_term_string}\"},\"query-input\":{\"@type\":\"PropertyValueSpecification\",\"valueRequired\":true,\"valueName\":\"search_term_string\"}}],\"inLanguage\":\"fr-FR\"},{\"@type\":\"Organization\",\"@id\":\"https:\\\/\\\/www.emanik.org\\\/#organization\",\"name\":\"EMANIK\",\"url\":\"https:\\\/\\\/www.emanik.org\\\/\",\"logo\":{\"@type\":\"ImageObject\",\"inLanguage\":\"fr-FR\",\"@id\":\"https:\\\/\\\/www.emanik.org\\\/#\\\/schema\\\/logo\\\/image\\\/\",\"url\":\"https:\\\/\\\/www.emanik.org\\\/wp-content\\\/uploads\\\/2018\\\/07\\\/cropped-petit-logo-5.jpg\",\"contentUrl\":\"https:\\\/\\\/www.emanik.org\\\/wp-content\\\/uploads\\\/2018\\\/07\\\/cropped-petit-logo-5.jpg\",\"width\":140,\"height\":140,\"caption\":\"EMANIK\"},\"image\":{\"@id\":\"https:\\\/\\\/www.emanik.org\\\/#\\\/schema\\\/logo\\\/image\\\/\"}}]}<\/script>\n<!-- \/ Yoast SEO plugin. -->","yoast_head_json":{"title":"Programme Campoy - P\u00e9rou - EMANIK","robots":{"index":"index","follow":"follow","max-snippet":"max-snippet:-1","max-image-preview":"max-image-preview:large","max-video-preview":"max-video-preview:-1"},"canonical":"https:\/\/www.emanik.org\/index.php\/programme-campoy-perou\/","og_locale":"fr_FR","og_type":"article","og_title":"Programme Campoy - P\u00e9rou - EMANIK","og_description":"Objectif&nbsp;: Permettre aux m\u00e8res et aux adolescents handicap\u00e9s de la communaut\u00e9 de Campoy et des environs d\u2019acc\u00e9der \u00e0 une formation professionnelle en vue de leur autonomie. Description du projet&nbsp;: ce projet prend sa source dans les principes de la convention sur les droits des personnes handicap\u00e9es&nbsp;\u00e0 l\u2019autonomie. Ces principes visent \u00e0 poursuivre un travail de [&hellip;]","og_url":"https:\/\/www.emanik.org\/index.php\/programme-campoy-perou\/","og_site_name":"EMANIK","article_modified_time":"2026-02-27T17:35:42+00:00","og_image":[{"width":1167,"height":652,"url":"https:\/\/www.emanik.org\/wp-content\/uploads\/2026\/02\/Diapo-1.jpg","type":"image\/jpeg"}],"twitter_card":"summary_large_image","twitter_misc":{"Dur\u00e9e de lecture estim\u00e9e":"4 minutes"},"schema":{"@context":"https:\/\/schema.org","@graph":[{"@type":"WebPage","@id":"https:\/\/www.emanik.org\/index.php\/programme-campoy-perou\/","url":"https:\/\/www.emanik.org\/index.php\/programme-campoy-perou\/","name":"Programme Campoy - P\u00e9rou - EMANIK","isPartOf":{"@id":"https:\/\/www.emanik.org\/#website"},"primaryImageOfPage":{"@id":"https:\/\/www.emanik.org\/index.php\/programme-campoy-perou\/#primaryimage"},"image":{"@id":"https:\/\/www.emanik.org\/index.php\/programme-campoy-perou\/#primaryimage"},"thumbnailUrl":"https:\/\/www.emanik.org\/wp-content\/uploads\/2026\/02\/Diapo-1-1024x572.jpg","datePublished":"2018-07-05T16:23:28+00:00","dateModified":"2026-02-27T17:35:42+00:00","breadcrumb":{"@id":"https:\/\/www.emanik.org\/index.php\/programme-campoy-perou\/#breadcrumb"},"inLanguage":"fr-FR","potentialAction":[{"@type":"ReadAction","target":["https:\/\/www.emanik.org\/index.php\/programme-campoy-perou\/"]}]},{"@type":"ImageObject","inLanguage":"fr-FR","@id":"https:\/\/www.emanik.org\/index.php\/programme-campoy-perou\/#primaryimage","url":"https:\/\/www.emanik.org\/wp-content\/uploads\/2026\/02\/Diapo-1.jpg","contentUrl":"https:\/\/www.emanik.org\/wp-content\/uploads\/2026\/02\/Diapo-1.jpg","width":1167,"height":652},{"@type":"BreadcrumbList","@id":"https:\/\/www.emanik.org\/index.php\/programme-campoy-perou\/#breadcrumb","itemListElement":[{"@type":"ListItem","position":1,"name":"Accueil","item":"https:\/\/www.emanik.org\/"},{"@type":"ListItem","position":2,"name":"Programme Campoy &#8211; P\u00e9rou"}]},{"@type":"WebSite","@id":"https:\/\/www.emanik.org\/#website","url":"https:\/\/www.emanik.org\/","name":"EMANIK","description":"pour un monde plus juste","publisher":{"@id":"https:\/\/www.emanik.org\/#organization"},"potentialAction":[{"@type":"SearchAction","target":{"@type":"EntryPoint","urlTemplate":"https:\/\/www.emanik.org\/?s={search_term_string}"},"query-input":{"@type":"PropertyValueSpecification","valueRequired":true,"valueName":"search_term_string"}}],"inLanguage":"fr-FR"},{"@type":"Organization","@id":"https:\/\/www.emanik.org\/#organization","name":"EMANIK","url":"https:\/\/www.emanik.org\/","logo":{"@type":"ImageObject","inLanguage":"fr-FR","@id":"https:\/\/www.emanik.org\/#\/schema\/logo\/image\/","url":"https:\/\/www.emanik.org\/wp-content\/uploads\/2018\/07\/cropped-petit-logo-5.jpg","contentUrl":"https:\/\/www.emanik.org\/wp-content\/uploads\/2018\/07\/cropped-petit-logo-5.jpg","width":140,"height":140,"caption":"EMANIK"},"image":{"@id":"https:\/\/www.emanik.org\/#\/schema\/logo\/image\/"}}]}},"campaignId":"","_links":{"self":[{"href":"https:\/\/www.emanik.org\/index.php\/wp-json\/wp\/v2\/pages\/51","targetHints":{"allow":["GET"]}}],"collection":[{"href":"https:\/\/www.emanik.org\/index.php\/wp-json\/wp\/v2\/pages"}],"about":[{"href":"https:\/\/www.emanik.org\/index.php\/wp-json\/wp\/v2\/types\/page"}],"author":[{"embeddable":true,"href":"https:\/\/www.emanik.org\/index.php\/wp-json\/wp\/v2\/users\/1"}],"replies":[{"embeddable":true,"href":"https:\/\/www.emanik.org\/index.php\/wp-json\/wp\/v2\/comments?post=51"}],"version-history":[{"count":12,"href":"https:\/\/www.emanik.org\/index.php\/wp-json\/wp\/v2\/pages\/51\/revisions"}],"predecessor-version":[{"id":798,"href":"https:\/\/www.emanik.org\/index.php\/wp-json\/wp\/v2\/pages\/51\/revisions\/798"}],"wp:attachment":[{"href":"https:\/\/www.emanik.org\/index.php\/wp-json\/wp\/v2\/media?parent=51"}],"curies":[{"name":"wp","href":"https:\/\/api.w.org\/{rel}","templated":true}]}}