{"id":610,"date":"2026-01-05T15:57:47","date_gmt":"2026-01-05T14:57:47","guid":{"rendered":"https:\/\/www.emanik.org\/?page_id=610"},"modified":"2026-02-27T18:34:02","modified_gmt":"2026-02-27T17:34:02","slug":"actions-au-perou","status":"publish","type":"page","link":"https:\/\/www.emanik.org\/index.php\/actions-au-perou\/","title":{"rendered":"Actions au P\u00e9rou"},"content":{"rendered":"\n<p class=\"has-text-align-left has-vollkorn-font-family has-medium-font-size\">Depuis sa cr\u00e9ation, <strong>EMANIK<\/strong> concentre ses efforts au P\u00e9rou, un pays o\u00f9 de nombreuses populations vuln\u00e9rables rencontrent des difficult\u00e9s majeures en mati\u00e8re d\u2019acc\u00e8s \u00e0 l\u2019\u00e9ducation, \u00e0 la sant\u00e9 et \u00e0 des conditions de vie dignes.<\/p>\n\n\n\n<p class=\"has-text-align-left has-vollkorn-font-family has-medium-font-size\">Nos projets visent \u00e0 am\u00e9liorer durablement les conditions de vie des communaut\u00e9s locales, en mettant l\u2019accent sur :<\/p>\n\n\n\n<p class=\"has-text-align-left has-vollkorn-font-family has-medium-font-size\">&#8211; Le soutien \u00e0 l\u2019\u00e9ducation, notamment pour les enfants et les jeunes en milieu rural.<\/p>\n\n\n\n<p class=\"has-text-align-left has-vollkorn-font-family has-medium-font-size\">&#8211; L\u2019acc\u00e8s aux soins de sant\u00e9 de base, avec un accent sur la pr\u00e9vention.<\/p>\n\n\n\n<p class=\"has-text-align-left has-vollkorn-font-family has-medium-font-size\">&#8211; Le d\u00e9veloppement d\u2019initiatives \u00e9conomiques locales pour favoriser l\u2019autonomie.<\/p>\n\n\n\n<p class=\"has-text-align-left has-vollkorn-font-family has-medium-font-size\">&#8211; La promotion des droits humains et de la justice sociale.<\/p>\n\n\n\n<p class=\"has-text-align-left has-vollkorn-font-family has-medium-font-size\">Nous travaillons en \u00e9troite collaboration avec des partenaires locaux, des associations et des autorit\u00e9s pour garantir la pertinence et l\u2019efficacit\u00e9 de nos interventions.<\/p>\n\n\n\n<p class=\"has-text-align-left has-vollkorn-font-family has-medium-font-size\">Chaque projet est \u00e9valu\u00e9 r\u00e9guli\u00e8rement afin d\u2019assurer un impact r\u00e9el et durable.<\/p>\n\n\n\n<p class=\"has-medium-font-size\"><\/p>\n","protected":false},"excerpt":{"rendered":"<p>Depuis sa cr\u00e9ation, EMANIK concentre ses efforts au P\u00e9rou, un pays o\u00f9 de nombreuses populations vuln\u00e9rables rencontrent des difficult\u00e9s majeures en mati\u00e8re d\u2019acc\u00e8s \u00e0 l\u2019\u00e9ducation, \u00e0 la sant\u00e9 et \u00e0 des conditions de vie dignes. Nos projets visent \u00e0 am\u00e9liorer durablement les conditions de vie des communaut\u00e9s locales, en mettant l\u2019accent sur : &#8211; Le [&hellip;]<\/p>\n","protected":false},"author":1,"featured_media":0,"parent":0,"menu_order":0,"comment_status":"closed","ping_status":"closed","template":"","meta":{"give_campaign_id":0,"footnotes":""},"class_list":["post-610","page","type-page","status-publish","hentry"],"yoast_head":"<!-- This site is optimized with the Yoast SEO plugin v27.5 - https:\/\/yoast.com\/product\/yoast-seo-wordpress\/ -->\n<title>Actions au P\u00e9rou - EMANIK<\/title>\n<meta name=\"robots\" content=\"index, follow, max-snippet:-1, max-image-preview:large, max-video-preview:-1\" \/>\n<link rel=\"canonical\" href=\"https:\/\/www.emanik.org\/index.php\/actions-au-perou\/\" \/>\n<meta property=\"og:locale\" content=\"fr_FR\" \/>\n<meta property=\"og:type\" content=\"article\" \/>\n<meta property=\"og:title\" content=\"Actions au P\u00e9rou - EMANIK\" \/>\n<meta property=\"og:description\" content=\"Depuis sa cr\u00e9ation, EMANIK concentre ses efforts au P\u00e9rou, un pays o\u00f9 de nombreuses populations vuln\u00e9rables rencontrent des difficult\u00e9s majeures en mati\u00e8re d\u2019acc\u00e8s \u00e0 l\u2019\u00e9ducation, \u00e0 la sant\u00e9 et \u00e0 des conditions de vie dignes. Nos projets visent \u00e0 am\u00e9liorer durablement les conditions de vie des communaut\u00e9s locales, en mettant l\u2019accent sur : &#8211; Le [&hellip;]\" \/>\n<meta property=\"og:url\" content=\"https:\/\/www.emanik.org\/index.php\/actions-au-perou\/\" \/>\n<meta property=\"og:site_name\" content=\"EMANIK\" \/>\n<meta property=\"article:modified_time\" content=\"2026-02-27T17:34:02+00:00\" \/>\n<meta name=\"twitter:card\" content=\"summary_large_image\" \/>\n<meta name=\"twitter:label1\" content=\"Dur\u00e9e de lecture estim\u00e9e\" \/>\n\t<meta name=\"twitter:data1\" content=\"1 minute\" \/>\n<script type=\"application\/ld+json\" class=\"yoast-schema-graph\">{\"@context\":\"https:\\\/\\\/schema.org\",\"@graph\":[{\"@type\":\"WebPage\",\"@id\":\"https:\\\/\\\/www.emanik.org\\\/index.php\\\/actions-au-perou\\\/\",\"url\":\"https:\\\/\\\/www.emanik.org\\\/index.php\\\/actions-au-perou\\\/\",\"name\":\"Actions au P\u00e9rou - EMANIK\",\"isPartOf\":{\"@id\":\"https:\\\/\\\/www.emanik.org\\\/#website\"},\"datePublished\":\"2026-01-05T14:57:47+00:00\",\"dateModified\":\"2026-02-27T17:34:02+00:00\",\"breadcrumb\":{\"@id\":\"https:\\\/\\\/www.emanik.org\\\/index.php\\\/actions-au-perou\\\/#breadcrumb\"},\"inLanguage\":\"fr-FR\",\"potentialAction\":[{\"@type\":\"ReadAction\",\"target\":[\"https:\\\/\\\/www.emanik.org\\\/index.php\\\/actions-au-perou\\\/\"]}]},{\"@type\":\"BreadcrumbList\",\"@id\":\"https:\\\/\\\/www.emanik.org\\\/index.php\\\/actions-au-perou\\\/#breadcrumb\",\"itemListElement\":[{\"@type\":\"ListItem\",\"position\":1,\"name\":\"Accueil\",\"item\":\"https:\\\/\\\/www.emanik.org\\\/\"},{\"@type\":\"ListItem\",\"position\":2,\"name\":\"Actions au P\u00e9rou\"}]},{\"@type\":\"WebSite\",\"@id\":\"https:\\\/\\\/www.emanik.org\\\/#website\",\"url\":\"https:\\\/\\\/www.emanik.org\\\/\",\"name\":\"EMANIK\",\"description\":\"pour un monde plus juste\",\"publisher\":{\"@id\":\"https:\\\/\\\/www.emanik.org\\\/#organization\"},\"potentialAction\":[{\"@type\":\"SearchAction\",\"target\":{\"@type\":\"EntryPoint\",\"urlTemplate\":\"https:\\\/\\\/www.emanik.org\\\/?s={search_term_string}\"},\"query-input\":{\"@type\":\"PropertyValueSpecification\",\"valueRequired\":true,\"valueName\":\"search_term_string\"}}],\"inLanguage\":\"fr-FR\"},{\"@type\":\"Organization\",\"@id\":\"https:\\\/\\\/www.emanik.org\\\/#organization\",\"name\":\"EMANIK\",\"url\":\"https:\\\/\\\/www.emanik.org\\\/\",\"logo\":{\"@type\":\"ImageObject\",\"inLanguage\":\"fr-FR\",\"@id\":\"https:\\\/\\\/www.emanik.org\\\/#\\\/schema\\\/logo\\\/image\\\/\",\"url\":\"https:\\\/\\\/www.emanik.org\\\/wp-content\\\/uploads\\\/2018\\\/07\\\/cropped-petit-logo-5.jpg\",\"contentUrl\":\"https:\\\/\\\/www.emanik.org\\\/wp-content\\\/uploads\\\/2018\\\/07\\\/cropped-petit-logo-5.jpg\",\"width\":140,\"height\":140,\"caption\":\"EMANIK\"},\"image\":{\"@id\":\"https:\\\/\\\/www.emanik.org\\\/#\\\/schema\\\/logo\\\/image\\\/\"}}]}<\/script>\n<!-- \/ Yoast SEO plugin. -->","yoast_head_json":{"title":"Actions au P\u00e9rou - EMANIK","robots":{"index":"index","follow":"follow","max-snippet":"max-snippet:-1","max-image-preview":"max-image-preview:large","max-video-preview":"max-video-preview:-1"},"canonical":"https:\/\/www.emanik.org\/index.php\/actions-au-perou\/","og_locale":"fr_FR","og_type":"article","og_title":"Actions au P\u00e9rou - EMANIK","og_description":"Depuis sa cr\u00e9ation, EMANIK concentre ses efforts au P\u00e9rou, un pays o\u00f9 de nombreuses populations vuln\u00e9rables rencontrent des difficult\u00e9s majeures en mati\u00e8re d\u2019acc\u00e8s \u00e0 l\u2019\u00e9ducation, \u00e0 la sant\u00e9 et \u00e0 des conditions de vie dignes. Nos projets visent \u00e0 am\u00e9liorer durablement les conditions de vie des communaut\u00e9s locales, en mettant l\u2019accent sur : &#8211; Le [&hellip;]","og_url":"https:\/\/www.emanik.org\/index.php\/actions-au-perou\/","og_site_name":"EMANIK","article_modified_time":"2026-02-27T17:34:02+00:00","twitter_card":"summary_large_image","twitter_misc":{"Dur\u00e9e de lecture estim\u00e9e":"1 minute"},"schema":{"@context":"https:\/\/schema.org","@graph":[{"@type":"WebPage","@id":"https:\/\/www.emanik.org\/index.php\/actions-au-perou\/","url":"https:\/\/www.emanik.org\/index.php\/actions-au-perou\/","name":"Actions au P\u00e9rou - EMANIK","isPartOf":{"@id":"https:\/\/www.emanik.org\/#website"},"datePublished":"2026-01-05T14:57:47+00:00","dateModified":"2026-02-27T17:34:02+00:00","breadcrumb":{"@id":"https:\/\/www.emanik.org\/index.php\/actions-au-perou\/#breadcrumb"},"inLanguage":"fr-FR","potentialAction":[{"@type":"ReadAction","target":["https:\/\/www.emanik.org\/index.php\/actions-au-perou\/"]}]},{"@type":"BreadcrumbList","@id":"https:\/\/www.emanik.org\/index.php\/actions-au-perou\/#breadcrumb","itemListElement":[{"@type":"ListItem","position":1,"name":"Accueil","item":"https:\/\/www.emanik.org\/"},{"@type":"ListItem","position":2,"name":"Actions au P\u00e9rou"}]},{"@type":"WebSite","@id":"https:\/\/www.emanik.org\/#website","url":"https:\/\/www.emanik.org\/","name":"EMANIK","description":"pour un monde plus juste","publisher":{"@id":"https:\/\/www.emanik.org\/#organization"},"potentialAction":[{"@type":"SearchAction","target":{"@type":"EntryPoint","urlTemplate":"https:\/\/www.emanik.org\/?s={search_term_string}"},"query-input":{"@type":"PropertyValueSpecification","valueRequired":true,"valueName":"search_term_string"}}],"inLanguage":"fr-FR"},{"@type":"Organization","@id":"https:\/\/www.emanik.org\/#organization","name":"EMANIK","url":"https:\/\/www.emanik.org\/","logo":{"@type":"ImageObject","inLanguage":"fr-FR","@id":"https:\/\/www.emanik.org\/#\/schema\/logo\/image\/","url":"https:\/\/www.emanik.org\/wp-content\/uploads\/2018\/07\/cropped-petit-logo-5.jpg","contentUrl":"https:\/\/www.emanik.org\/wp-content\/uploads\/2018\/07\/cropped-petit-logo-5.jpg","width":140,"height":140,"caption":"EMANIK"},"image":{"@id":"https:\/\/www.emanik.org\/#\/schema\/logo\/image\/"}}]}},"campaignId":"","_links":{"self":[{"href":"https:\/\/www.emanik.org\/index.php\/wp-json\/wp\/v2\/pages\/610","targetHints":{"allow":["GET"]}}],"collection":[{"href":"https:\/\/www.emanik.org\/index.php\/wp-json\/wp\/v2\/pages"}],"about":[{"href":"https:\/\/www.emanik.org\/index.php\/wp-json\/wp\/v2\/types\/page"}],"author":[{"embeddable":true,"href":"https:\/\/www.emanik.org\/index.php\/wp-json\/wp\/v2\/users\/1"}],"replies":[{"embeddable":true,"href":"https:\/\/www.emanik.org\/index.php\/wp-json\/wp\/v2\/comments?post=610"}],"version-history":[{"count":3,"href":"https:\/\/www.emanik.org\/index.php\/wp-json\/wp\/v2\/pages\/610\/revisions"}],"predecessor-version":[{"id":796,"href":"https:\/\/www.emanik.org\/index.php\/wp-json\/wp\/v2\/pages\/610\/revisions\/796"}],"wp:attachment":[{"href":"https:\/\/www.emanik.org\/index.php\/wp-json\/wp\/v2\/media?parent=610"}],"curies":[{"name":"wp","href":"https:\/\/api.w.org\/{rel}","templated":true}]}}